{"id":382,"date":"2017-07-16T21:39:47","date_gmt":"2017-07-17T00:39:47","guid":{"rendered":"https:\/\/ansefsc.org.br\/?page_id=382"},"modified":"2023-05-17T11:49:20","modified_gmt":"2023-05-17T14:49:20","slug":"galeria","status":"publish","type":"page","link":"https:\/\/ansefsc.org.br\/index.php\/galeria\/","title":{"rendered":"Galeria de Fotos"},"content":{"rendered":"<p>[vc_row][vc_column]\n\t\t<div class=\"portfolio-element\">\n\n\t\t\n\t\t\t<div class=\"portfolio-filters\" data-id=\"2113487945\">\n\t\t\t\t<div class=\"container\">\n\t\t\t\t\t<div class=\"sixteen columns clearfix\">\n\t\t\t\t\t\t\t\t\t\t\t\t\t<ul class=\"clearfix\">\n\t\t\t\t\t\t\t\t<li><a href=\"#\" data-filter=\"*\" class=\"filter-all active\">All<\/a><\/li>\t\n\t\t\t\t\t\t\t\t\t\t\t\t\t\t\t\t\t\t\t\t\t\t\t\t\t\t<li><a href=\"#\" data-filter=\".term-cafe\">Caf\u00e9<\/a><\/li>\n\t\t\t\t\t\t\t\t\t\t\t\t\t\t\t\t\t\t\t\t\t\t\t\t\t\t<li><a href=\"#\" data-filter=\".term-churrascada\">Churrascada<\/a><\/li>\n\t\t\t\t\t\t\t\t\t\t\t\t\t\t\t\t\t\t\t\t\t\t\t\t\t\t<li><a href=\"#\" data-filter=\".term-confraternizacao\">Confraterniza\u00e7\u00e3o<\/a><\/li>\n\t\t\t\t\t\t\t\t\t\t\t\t\t\t\t\t\t\t\t\t\t\t\t\t\t\t<li><a href=\"#\" data-filter=\".term-evento-comemorativo\">Evento Comemorativo<\/a><\/li>\n\t\t\t\t\t\t\t\t\t\t\t\t\t\t\t\t\t\t\t\t\t\t\t\t\t\t<li><a href=\"#\" data-filter=\".term-joiapof\">Joiapof<\/a><\/li>\n\t\t\t\t\t\t\t\t\t\t\t\t\t\t\t\t\t\t\t\t\t\t\t\t\t\t<li><a href=\"#\" data-filter=\".term-joids\">Joids<\/a><\/li>\n\t\t\t\t\t\t\t\t\t\t\t\t\t\t\t\t\t\t\t\t\t\t\t\t\t\t<li><a href=\"#\" data-filter=\".term-passeio\">Passeio<\/a><\/li>\n\t\t\t\t\t\t\t\t\t\t\t\t\t\t\t<\/ul>\n\t\t\t\t\t\t\t\t\t\t\t<\/div>\n\t\t\t\t<\/div>\n\t\t\t<\/div>\n\n\t\t\n\t\t\t\t\t<div class=\"container\">\n\t\t\n\t\t\t\t\t<div id=\"2113487945\" class=\"portfolio-items portfolio-grid portfolio-overlay-name clearfix\" data-id=\"2113487945\">  \n\t\t\t\t\t\t\n\t\t\t\t\t\t\t\n\t\t\t\t\t\t\t\n\t\t\t\t\t\t\n\t\t\t\t\t\t\t\t\t\t\t\t\t\t\t\t\n\t\t\t\t\t\t\t\t   \n\n\t\t\t\t\t\t\t\t<div class=\"term-cafe portfolio-item one-third column\">\n\t\t\t\t\t\t\t\t\t<div class=\"portfolio-image\"><a href=\"https:\/\/ansefsc.org.br\/index.php\/portfolio-item\/cafe-da-integracao-marco-2026\/\" title=\"Caf\u00e9 da Integra\u00e7\u00e3o | Mar\u00e7o\/2026\"><div class=\"portfolio-image-img\"><img src=\"https:\/\/ansefsc.org.br\/wp-content\/uploads\/2026\/03\/Ansef-1000x768.png\" alt=\"Caf\u00e9 da Integra\u00e7\u00e3o | Mar\u00e7o\/2026\" \/><\/div><div class=\"portfolio-overlay overlay-name\"><span>Caf\u00e9 da Integra\u00e7\u00e3o | Mar\u00e7o\/2026<\/span><i class=\"icon-minti-plus\"><\/i><\/div><\/a><\/div>\n\t\t\t\t\t\t\t\t<\/div>\n\n\t\t\t\t\t\t\t\t\t\t\t\t  \n\t\t\t\t\t\t\n\t\t\t\t\t\t\t\n\t\t\t\t\t\t\t\n\t\t\t\t\t\t\n\t\t\t\t\t\t\t\t\t\t\t\t\t\t\t\t\n\t\t\t\t\t\t\t\t   \n\n\t\t\t\t\t\t\t\t<div class=\"term-cafe portfolio-item one-third column\">\n\t\t\t\t\t\t\t\t\t<div class=\"portfolio-image\"><a href=\"https:\/\/ansefsc.org.br\/index.php\/portfolio-item\/cafe-de-dezembro-fevereiro-2026\/\" title=\"Caf\u00e9 da Integra\u00e7\u00e3o | Fevereiro\/2026\"><div class=\"portfolio-image-img\"><img src=\"https:\/\/ansefsc.org.br\/wp-content\/uploads\/2026\/02\/Ansef-1000x768.png\" alt=\"Caf\u00e9 da Integra\u00e7\u00e3o | Fevereiro\/2026\" \/><\/div><div class=\"portfolio-overlay overlay-name\"><span>Caf\u00e9 da Integra\u00e7\u00e3o | Fevereiro\/2026<\/span><i class=\"icon-minti-plus\"><\/i><\/div><\/a><\/div>\n\t\t\t\t\t\t\t\t<\/div>\n\n\t\t\t\t\t\t\t\t\t\t\t\t  \n\t\t\t\t\t\t\n\t\t\t\t\t\t\t\n\t\t\t\t\t\t\t\n\t\t\t\t\t\t\n\t\t\t\t\t\t\t\t\t\t\t\t\t\t\t\t\n\t\t\t\t\t\t\t\t   \n\n\t\t\t\t\t\t\t\t<div class=\"term-cafe portfolio-item one-third column\">\n\t\t\t\t\t\t\t\t\t<div class=\"portfolio-image\"><a href=\"https:\/\/ansefsc.org.br\/index.php\/portfolio-item\/cafe-de-dezembro-janeiro-2026\/\" title=\"Caf\u00e9 da Integra\u00e7\u00e3o | Janeiro\/2026\"><div class=\"portfolio-image-img\"><img src=\"https:\/\/ansefsc.org.br\/wp-content\/uploads\/2026\/01\/Ansef-1000x768.png\" alt=\"Caf\u00e9 da Integra\u00e7\u00e3o | Janeiro\/2026\" \/><\/div><div class=\"portfolio-overlay overlay-name\"><span>Caf\u00e9 da Integra\u00e7\u00e3o | Janeiro\/2026<\/span><i class=\"icon-minti-plus\"><\/i><\/div><\/a><\/div>\n\t\t\t\t\t\t\t\t<\/div>\n\n\t\t\t\t\t\t\t\t\t\t\t\t  \n\t\t\t\t\t\t\n\t\t\t\t\t\t\t\n\t\t\t\t\t\t\t\n\t\t\t\t\t\t\n\t\t\t\t\t\t\t\t\t\t\t\t\t\t\t\t\n\t\t\t\t\t\t\t\t   \n\n\t\t\t\t\t\t\t\t<div class=\"term-confraternizacao portfolio-item one-third column\">\n\t\t\t\t\t\t\t\t\t<div class=\"portfolio-image\"><a href=\"https:\/\/ansefsc.org.br\/index.php\/portfolio-item\/jantar-de-confraternizacao-dezembro-2025\/\" title=\"Jantar de Confraterniza\u00e7\u00e3o | Dezembro\/2025\"><div class=\"portfolio-image-img\"><img src=\"https:\/\/ansefsc.org.br\/wp-content\/uploads\/2025\/12\/Ansef-2-1000x768.png\" alt=\"Jantar de Confraterniza\u00e7\u00e3o | Dezembro\/2025\" \/><\/div><div class=\"portfolio-overlay overlay-name\"><span>Jantar de Confraterniza\u00e7\u00e3o | Dezembro\/2025<\/span><i class=\"icon-minti-plus\"><\/i><\/div><\/a><\/div>\n\t\t\t\t\t\t\t\t<\/div>\n\n\t\t\t\t\t\t\t\t\t\t\t\t  \n\t\t\t\t\t\t\n\t\t\t\t\t\t\t\n\t\t\t\t\t\t\t\n\t\t\t\t\t\t\n\t\t\t\t\t\t\t\t\t\t\t\t\t\t\t\t\n\t\t\t\t\t\t\t\t   \n\n\t\t\t\t\t\t\t\t<div class=\"term-cafe portfolio-item one-third column\">\n\t\t\t\t\t\t\t\t\t<div class=\"portfolio-image\"><a href=\"https:\/\/ansefsc.org.br\/index.php\/portfolio-item\/cafe-de-novembro-novembro-2025\/\" title=\"Caf\u00e9 da Integra\u00e7\u00e3o | Novembro\/2025\"><div class=\"portfolio-image-img\"><img src=\"https:\/\/ansefsc.org.br\/wp-content\/uploads\/2025\/11\/Ansef-3-1000x768.png\" alt=\"Caf\u00e9 da Integra\u00e7\u00e3o | Novembro\/2025\" \/><\/div><div class=\"portfolio-overlay overlay-name\"><span>Caf\u00e9 da Integra\u00e7\u00e3o | Novembro\/2025<\/span><i class=\"icon-minti-plus\"><\/i><\/div><\/a><\/div>\n\t\t\t\t\t\t\t\t<\/div>\n\n\t\t\t\t\t\t\t\t\t\t\t\t  \n\t\t\t\t\t\t\n\t\t\t\t\t\t\t\n\t\t\t\t\t\t\t\n\t\t\t\t\t\t\n\t\t\t\t\t\t\t\t\t\t\t\t\t\t\t\t\n\t\t\t\t\t\t\t\t   \n\n\t\t\t\t\t\t\t\t<div class=\"term-confraternizacao term-evento-comemorativo portfolio-item one-third column\">\n\t\t\t\t\t\t\t\t\t<div class=\"portfolio-image\"><a href=\"https:\/\/ansefsc.org.br\/index.php\/portfolio-item\/festa-das-criancas-da-ansef-sc-outubro-2025\/\" title=\"Festa das Crian\u00e7as da Ansef\/SC | Outubro\/2025\"><div class=\"portfolio-image-img\"><img src=\"https:\/\/ansefsc.org.br\/wp-content\/uploads\/2025\/10\/Ansef-6-1000x768.png\" alt=\"Festa das Crian\u00e7as da Ansef\/SC | Outubro\/2025\" \/><\/div><div class=\"portfolio-overlay overlay-name\"><span>Festa das Crian\u00e7as da Ansef\/SC | Outubro\/2025<\/span><i class=\"icon-minti-plus\"><\/i><\/div><\/a><\/div>\n\t\t\t\t\t\t\t\t<\/div>\n\n\t\t\t\t\t\t\t\t\t\t\t\t  \n\t\t\t\t\t\t\n\t\t\t\t\t\t\t\n\t\t\t\t\t\t\t\n\t\t\t\t\t\t\n\t\t\t\t\t\t\t\t\t\t\t\t\t\t\t\t\n\t\t\t\t\t\t\t\t   \n\n\t\t\t\t\t\t\t\t<div class=\"term-passeio portfolio-item one-third column\">\n\t\t\t\t\t\t\t\t\t<div class=\"portfolio-image\"><a href=\"https:\/\/ansefsc.org.br\/index.php\/portfolio-item\/cafe-de-outubro-outubro-2025-2\/\" title=\"40\u00aa Oktoberfest de Blumenau | Outubro\/2025\"><div class=\"portfolio-image-img\"><img src=\"https:\/\/ansefsc.org.br\/wp-content\/uploads\/2025\/10\/Ansef-7-1000x768.png\" alt=\"40\u00aa Oktoberfest de Blumenau | Outubro\/2025\" \/><\/div><div class=\"portfolio-overlay overlay-name\"><span>40\u00aa Oktoberfest de Blumenau | Outubro\/2025<\/span><i class=\"icon-minti-plus\"><\/i><\/div><\/a><\/div>\n\t\t\t\t\t\t\t\t<\/div>\n\n\t\t\t\t\t\t\t\t\t\t\t\t  \n\t\t\t\t\t\t\n\t\t\t\t\t\t\t\n\t\t\t\t\t\t\t\n\t\t\t\t\t\t\n\t\t\t\t\t\t\t\t\t\t\t\t\t\t\t\t\n\t\t\t\t\t\t\t\t   \n\n\t\t\t\t\t\t\t\t<div class=\"term-cafe portfolio-item one-third column\">\n\t\t\t\t\t\t\t\t\t<div class=\"portfolio-image\"><a href=\"https:\/\/ansefsc.org.br\/index.php\/portfolio-item\/cafe-de-outubro-outubro-2025\/\" title=\"Caf\u00e9 da Integra\u00e7\u00e3o | Outubro\/2025\"><div class=\"portfolio-image-img\"><img src=\"https:\/\/ansefsc.org.br\/wp-content\/uploads\/2025\/10\/Ansef-4-1000x768.png\" alt=\"Caf\u00e9 da Integra\u00e7\u00e3o | Outubro\/2025\" \/><\/div><div class=\"portfolio-overlay overlay-name\"><span>Caf\u00e9 da Integra\u00e7\u00e3o | Outubro\/2025<\/span><i class=\"icon-minti-plus\"><\/i><\/div><\/a><\/div>\n\t\t\t\t\t\t\t\t<\/div>\n\n\t\t\t\t\t\t\t\t\t\t\t\t  \n\t\t\t\t\t\t\n\t\t\t\t\t\t\t\n\t\t\t\t\t\t\t\n\t\t\t\t\t\t\n\t\t\t\t\t\t\t\t\t\t\t\t\t\t\t\t\n\t\t\t\t\t\t\t\t   \n\n\t\t\t\t\t\t\t\t<div class=\"term-confraternizacao term-evento-comemorativo portfolio-item one-third column\">\n\t\t\t\t\t\t\t\t\t<div class=\"portfolio-image\"><a href=\"https:\/\/ansefsc.org.br\/index.php\/portfolio-item\/xx-encontro-dos-jubilados-e-i-encontro-das-pensionistas-agosto-2025\/\" title=\"XX Encontro dos Jubilados e I Encontro das Pensionistas | Agosto\/2025\"><div class=\"portfolio-image-img\"><img src=\"https:\/\/ansefsc.org.br\/wp-content\/uploads\/2025\/08\/Imagem-Site-1000x768.png\" alt=\"XX Encontro dos Jubilados e I Encontro das Pensionistas | Agosto\/2025\" \/><\/div><div class=\"portfolio-overlay overlay-name\"><span>XX Encontro dos Jubilados e I Encontro das Pensionistas | Agosto\/2025<\/span><i class=\"icon-minti-plus\"><\/i><\/div><\/a><\/div>\n\t\t\t\t\t\t\t\t<\/div>\n\n\t\t\t\t\t\t\t\t\t\t\t\t  \n\t\t\t\t\t\t\n\t\t\t\t\t\t\t\n\t\t\t\t\t\t\t\n\t\t\t\t\t\t\n\t\t\t\t\t\t\t\t\t\t\t\t\t\t\t\t\n\t\t\t\t\t\t\t\t   \n\n\t\t\t\t\t\t\t\t<div class=\"term-cafe portfolio-item one-third column\">\n\t\t\t\t\t\t\t\t\t<div class=\"portfolio-image\"><a href=\"https:\/\/ansefsc.org.br\/index.php\/portfolio-item\/cafe-de-dia-dos-pais-agosto-2025\/\" title=\"Caf\u00e9 de Dia dos Pais | Agosto\/2025\"><div class=\"portfolio-image-img\"><img src=\"https:\/\/ansefsc.org.br\/wp-content\/uploads\/2025\/08\/Capa-Cafe-1000x768.png\" alt=\"Caf\u00e9 de Dia dos Pais | Agosto\/2025\" \/><\/div><div class=\"portfolio-overlay overlay-name\"><span>Caf\u00e9 de Dia dos Pais | Agosto\/2025<\/span><i class=\"icon-minti-plus\"><\/i><\/div><\/a><\/div>\n\t\t\t\t\t\t\t\t<\/div>\n\n\t\t\t\t\t\t\t\t\t\t\t\t  \n\t\t\t\t\t\t\n\t\t\t\t\t\t\t\n\t\t\t\t\t\t\t\n\t\t\t\t\t\t\n\t\t\t\t\t\t\t\t\t\t\t\t\t\t\t\t\n\t\t\t\t\t\t\t\t   \n\n\t\t\t\t\t\t\t\t<div class=\"term-evento-comemorativo portfolio-item one-third column\">\n\t\t\t\t\t\t\t\t\t<div class=\"portfolio-image\"><a href=\"https:\/\/ansefsc.org.br\/index.php\/portfolio-item\/arraia-da-ansef-sc-julho-2025\/\" title=\"Arrai\u00e1 da Ansef\/SC | Julho\/2025\"><div class=\"portfolio-image-img\"><img src=\"https:\/\/ansefsc.org.br\/wp-content\/uploads\/2025\/07\/Ansefsc-1000x768.png\" alt=\"Arrai\u00e1 da Ansef\/SC | Julho\/2025\" \/><\/div><div class=\"portfolio-overlay overlay-name\"><span>Arrai\u00e1 da Ansef\/SC | Julho\/2025<\/span><i class=\"icon-minti-plus\"><\/i><\/div><\/a><\/div>\n\t\t\t\t\t\t\t\t<\/div>\n\n\t\t\t\t\t\t\t\t\t\t\t\t  \n\t\t\t\t\t\t\n\t\t\t\t\t\t\t\n\t\t\t\t\t\t\t\n\t\t\t\t\t\t\n\t\t\t\t\t\t\t\t\t\t\t\t\t\t\t\t\n\t\t\t\t\t\t\t\t   \n\n\t\t\t\t\t\t\t\t<div class=\"term-cafe portfolio-item one-third column\">\n\t\t\t\t\t\t\t\t\t<div class=\"portfolio-image\"><a href=\"https:\/\/ansefsc.org.br\/index.php\/portfolio-item\/cafe-de-julho-julho-2025\/\" title=\"Caf\u00e9 da Integra\u00e7\u00e3o | Julho\/2025\"><div class=\"portfolio-image-img\"><img src=\"https:\/\/ansefsc.org.br\/wp-content\/uploads\/2025\/07\/1-1000x768.png\" alt=\"Caf\u00e9 da Integra\u00e7\u00e3o | Julho\/2025\" \/><\/div><div class=\"portfolio-overlay overlay-name\"><span>Caf\u00e9 da Integra\u00e7\u00e3o | Julho\/2025<\/span><i class=\"icon-minti-plus\"><\/i><\/div><\/a><\/div>\n\t\t\t\t\t\t\t\t<\/div>\n\n\t\t\t\t\t\t\t\t\t\t\t\t  \n\t\t\t\t\t\t\n\t\t\t\t\t\t\t\n\t\t\t\t\t\t\t\n\t\t\t\t\t\t\n\t\t\t\t\t\t\t\t\t\t\t\t\t\t\t\t\n\t\t\t\t\t\t\t\t   \n\n\t\t\t\t\t\t\t\t<div class=\"term-evento-comemorativo portfolio-item one-third column\">\n\t\t\t\t\t\t\t\t\t<div class=\"portfolio-image\"><a href=\"https:\/\/ansefsc.org.br\/index.php\/portfolio-item\/posse-da-nova-diretoria-maio-2025\/\" title=\"Posse da nova Diretoria | Maio\/2025\"><div class=\"portfolio-image-img\"><img src=\"https:\/\/ansefsc.org.br\/wp-content\/uploads\/2025\/07\/2-1000x768.png\" alt=\"Posse da nova Diretoria | Maio\/2025\" \/><\/div><div class=\"portfolio-overlay overlay-name\"><span>Posse da nova Diretoria | Maio\/2025<\/span><i class=\"icon-minti-plus\"><\/i><\/div><\/a><\/div>\n\t\t\t\t\t\t\t\t<\/div>\n\n\t\t\t\t\t\t\t\t\t\t\t\t  \n\t\t\t\t\t\t\n\t\t\t\t\t\t\t\n\t\t\t\t\t\t\t\n\t\t\t\t\t\t\n\t\t\t\t\t\t\t\t\t\t\t\t\t\t\t\t\n\t\t\t\t\t\t\t\t   \n\n\t\t\t\t\t\t\t\t<div class=\"term-cafe portfolio-item one-third column\">\n\t\t\t\t\t\t\t\t\t<div class=\"portfolio-image\"><a href=\"https:\/\/ansefsc.org.br\/index.php\/portfolio-item\/cafe-de-abril-abril-2025\/\" title=\"Caf\u00e9 da Integra\u00e7\u00e3o | Abril\/2025\"><div class=\"portfolio-image-img\"><img src=\"https:\/\/ansefsc.org.br\/wp-content\/uploads\/2025\/04\/Ansef-1000x768.png\" alt=\"Caf\u00e9 da Integra\u00e7\u00e3o | Abril\/2025\" \/><\/div><div class=\"portfolio-overlay overlay-name\"><span>Caf\u00e9 da Integra\u00e7\u00e3o | Abril\/2025<\/span><i class=\"icon-minti-plus\"><\/i><\/div><\/a><\/div>\n\t\t\t\t\t\t\t\t<\/div>\n\n\t\t\t\t\t\t\t\t\t\t\t\t  \n\t\t\t\t\t\t\n\t\t\t\t\t\t\t\n\t\t\t\t\t\t\t\n\t\t\t\t\t\t\n\t\t\t\t\t\t\t\t\t\t\t\t\t\t\t\t\n\t\t\t\t\t\t\t\t   \n\n\t\t\t\t\t\t\t\t<div class=\"term-joids portfolio-item one-third column\">\n\t\t\t\t\t\t\t\t\t<div class=\"portfolio-image\"><a href=\"https:\/\/ansefsc.org.br\/index.php\/portfolio-item\/joids-2025-marco-2025\/\" title=\"Joids 2025 | Mar\u00e7o\/2025\"><div class=\"portfolio-image-img\"><img src=\"https:\/\/ansefsc.org.br\/wp-content\/uploads\/2025\/03\/9-1000x768.png\" alt=\"Joids 2025 | Mar\u00e7o\/2025\" \/><\/div><div class=\"portfolio-overlay overlay-name\"><span>Joids 2025 | Mar\u00e7o\/2025<\/span><i class=\"icon-minti-plus\"><\/i><\/div><\/a><\/div>\n\t\t\t\t\t\t\t\t<\/div>\n\n\t\t\t\t\t\t\t\t\t\t\t\t  \n\t\t\t\t\t\t\n\t\t\t\t\t\t\t\n\t\t\t\t\t\t\t\n\t\t\t\t\t\t\n\t\t\t\t\t\t\t\t\t\t\t\t\t\t\t\t\n\t\t\t\t\t\t\t\t   \n\n\t\t\t\t\t\t\t\t<div class=\"term-evento-comemorativo term-passeio portfolio-item one-third column\">\n\t\t\t\t\t\t\t\t\t<div class=\"portfolio-image\"><a href=\"https:\/\/ansefsc.org.br\/index.php\/portfolio-item\/passeio-em-comemoracao-ao-dia-da-mulher-marco-2025\/\" title=\"Passeio em comemora\u00e7\u00e3o ao Dia da Mulher | Mar\u00e7o\/2025\"><div class=\"portfolio-image-img\"><img src=\"https:\/\/ansefsc.org.br\/wp-content\/uploads\/2025\/03\/Ansef-1-1000x768.png\" alt=\"Passeio em comemora\u00e7\u00e3o ao Dia da Mulher | Mar\u00e7o\/2025\" \/><\/div><div class=\"portfolio-overlay overlay-name\"><span>Passeio em comemora\u00e7\u00e3o ao Dia da Mulher | Mar\u00e7o\/2025<\/span><i class=\"icon-minti-plus\"><\/i><\/div><\/a><\/div>\n\t\t\t\t\t\t\t\t<\/div>\n\n\t\t\t\t\t\t\t\t\t\t\t\t  \n\t\t\t\t\t\t\n\t\t\t\t\t\t\t\n\t\t\t\t\t\t\t\n\t\t\t\t\t\t\n\t\t\t\t\t\t\t\t\t\t\t\t\t\t\t\t\n\t\t\t\t\t\t\t\t   \n\n\t\t\t\t\t\t\t\t<div class=\"term-cafe portfolio-item one-third column\">\n\t\t\t\t\t\t\t\t\t<div class=\"portfolio-image\"><a href=\"https:\/\/ansefsc.org.br\/index.php\/portfolio-item\/cafe-de-marco-marco-2025\/\" title=\"Caf\u00e9 da Integra\u00e7\u00e3o | Mar\u00e7o\/2025\"><div class=\"portfolio-image-img\"><img src=\"https:\/\/ansefsc.org.br\/wp-content\/uploads\/2025\/03\/Ansef-1000x768.png\" alt=\"Caf\u00e9 da Integra\u00e7\u00e3o | Mar\u00e7o\/2025\" \/><\/div><div class=\"portfolio-overlay overlay-name\"><span>Caf\u00e9 da Integra\u00e7\u00e3o | Mar\u00e7o\/2025<\/span><i class=\"icon-minti-plus\"><\/i><\/div><\/a><\/div>\n\t\t\t\t\t\t\t\t<\/div>\n\n\t\t\t\t\t\t\t\t\t\t\t\t  \n\t\t\t\t\t\t\n\t\t\t\t\t\t\t\n\t\t\t\t\t\t\t\n\t\t\t\t\t\t\n\t\t\t\t\t\t\t\t\t\t\t\t\t\t\t\t\n\t\t\t\t\t\t\t\t   \n\n\t\t\t\t\t\t\t\t<div class=\"term-confraternizacao portfolio-item one-third column\">\n\t\t\t\t\t\t\t\t\t<div class=\"portfolio-image\"><a href=\"https:\/\/ansefsc.org.br\/index.php\/portfolio-item\/xix-encontro-jubilados-fevereiro-2025\/\" title=\"XIX Encontro Jubilados | Fevereiro\/2025\"><div class=\"portfolio-image-img\"><img src=\"https:\/\/ansefsc.org.br\/wp-content\/uploads\/2025\/02\/Foto-3-Ansef-1000x768.png\" alt=\"XIX Encontro Jubilados | Fevereiro\/2025\" \/><\/div><div class=\"portfolio-overlay overlay-name\"><span>XIX Encontro Jubilados | Fevereiro\/2025<\/span><i class=\"icon-minti-plus\"><\/i><\/div><\/a><\/div>\n\t\t\t\t\t\t\t\t<\/div>\n\n\t\t\t\t\t\t\t\t\t\t\t\t  \n\t\t\t\t\t\t\n\t\t\t\t\t\t\t\n\t\t\t\t\t\t\t\n\t\t\t\t\t\t\n\t\t\t\t\t\t\t\t\t\t\t\t\t\t\t\t\n\t\t\t\t\t\t\t\t   \n\n\t\t\t\t\t\t\t\t<div class=\"term-cafe portfolio-item one-third column\">\n\t\t\t\t\t\t\t\t\t<div class=\"portfolio-image\"><a href=\"https:\/\/ansefsc.org.br\/index.php\/portfolio-item\/cafe-de-janeiro-e-fevereiro-janeiro-2025\/\" title=\"Caf\u00e9 de Janeiro e Fevereiro | Janeiro\/2025\"><div class=\"portfolio-image-img\"><img src=\"https:\/\/ansefsc.org.br\/wp-content\/uploads\/2025\/02\/Ansef-1000x768.png\" alt=\"Caf\u00e9 de Janeiro e Fevereiro | Janeiro\/2025\" \/><\/div><div class=\"portfolio-overlay overlay-name\"><span>Caf\u00e9 de Janeiro e Fevereiro | Janeiro\/2025<\/span><i class=\"icon-minti-plus\"><\/i><\/div><\/a><\/div>\n\t\t\t\t\t\t\t\t<\/div>\n\n\t\t\t\t\t\t\t\t\t\t\t\t  \n\t\t\t\t\t\t\n\t\t\t\t\t\t\t\n\t\t\t\t\t\t\t\n\t\t\t\t\t\t\n\t\t\t\t\t\t\t\t\t\t\t\t\t\t\t\t\n\t\t\t\t\t\t\t\t   \n\n\t\t\t\t\t\t\t\t<div class=\"term-cafe portfolio-item one-third column\">\n\t\t\t\t\t\t\t\t\t<div class=\"portfolio-image\"><a href=\"https:\/\/ansefsc.org.br\/index.php\/portfolio-item\/cafe-de-dezembro-dezembro-2024\/\" title=\"Caf\u00e9 de Dezembro | Dezembro\/2024\"><div class=\"portfolio-image-img\"><img src=\"https:\/\/ansefsc.org.br\/wp-content\/uploads\/2024\/12\/Site-2-1000x768.png\" alt=\"Caf\u00e9 de Dezembro | Dezembro\/2024\" \/><\/div><div class=\"portfolio-overlay overlay-name\"><span>Caf\u00e9 de Dezembro | Dezembro\/2024<\/span><i class=\"icon-minti-plus\"><\/i><\/div><\/a><\/div>\n\t\t\t\t\t\t\t\t<\/div>\n\n\t\t\t\t\t\t\t\t\t\t\t\t  \n\t\t\t\t\t\t\n\t\t\t\t\t\t\t\n\t\t\t\t\t\t\t\n\t\t\t\t\t\t\n\t\t\t\t\t\t\t\t\t\t\t\t\t\t\t\t\n\t\t\t\t\t\t\t\t   \n\n\t\t\t\t\t\t\t\t<div class=\"term-confraternizacao portfolio-item one-third column\">\n\t\t\t\t\t\t\t\t\t<div class=\"portfolio-image\"><a href=\"https:\/\/ansefsc.org.br\/index.php\/portfolio-item\/veja-os-registros-do-jantar-dancante-da-ansef-sc\/\" title=\"Veja os registros do Jantar Dan\u00e7ante da Ansef\/SC | Dezembro\/2024\"><div class=\"portfolio-image-img\"><img src=\"https:\/\/ansefsc.org.br\/wp-content\/uploads\/2024\/12\/Site-1-1000x768.png\" alt=\"Veja os registros do Jantar Dan\u00e7ante da Ansef\/SC | Dezembro\/2024\" \/><\/div><div class=\"portfolio-overlay overlay-name\"><span>Veja os registros do Jantar Dan\u00e7ante da Ansef\/SC | Dezembro\/2024<\/span><i class=\"icon-minti-plus\"><\/i><\/div><\/a><\/div>\n\t\t\t\t\t\t\t\t<\/div>\n\n\t\t\t\t\t\t\t\t\t\t\t\t  \n\t\t\t\t\t\t\n\t\t\t\t\t\t\t\n\t\t\t\t\t\t\t\n\t\t\t\t\t\t\n\t\t\t\t\t\t\t\t\t\t\t\t\t\t\t\t\n\t\t\t\t\t\t\t\t   \n\n\t\t\t\t\t\t\t\t<div class=\"term-evento-comemorativo portfolio-item one-third column\">\n\t\t\t\t\t\t\t\t\t<div class=\"portfolio-image\"><a href=\"https:\/\/ansefsc.org.br\/index.php\/portfolio-item\/ansef-sc-contribui-com-entrega-de-cestas-de-natal-na-sr-sc\/\" title=\"Entrega de cestas de Natal | Dezembro 2024\"><div class=\"portfolio-image-img\"><img src=\"https:\/\/ansefsc.org.br\/wp-content\/uploads\/2024\/12\/Site-1000x768.png\" alt=\"Entrega de cestas de Natal | Dezembro 2024\" \/><\/div><div class=\"portfolio-overlay overlay-name\"><span>Entrega de cestas de Natal | Dezembro 2024<\/span><i class=\"icon-minti-plus\"><\/i><\/div><\/a><\/div>\n\t\t\t\t\t\t\t\t<\/div>\n\n\t\t\t\t\t\t\t\t\t\t\t\t  \n\t\t\t\t\t\t\n\t\t\t\t\t\t\t\n\t\t\t\t\t\t\t\n\t\t\t\t\t\t\n\t\t\t\t\t\t\t\t\t\t\t\t\t\t\t\t\n\t\t\t\t\t\t\t\t   \n\n\t\t\t\t\t\t\t\t<div class=\"term-confraternizacao portfolio-item one-third column\">\n\t\t\t\t\t\t\t\t\t<div class=\"portfolio-image\"><a href=\"https:\/\/ansefsc.org.br\/index.php\/portfolio-item\/happy-hour-novembro-2024\/\" title=\"Happy Hour | Novembro\/2024\"><div class=\"portfolio-image-img\"><img src=\"https:\/\/ansefsc.org.br\/wp-content\/uploads\/2024\/11\/Ansef-1000x768.png\" alt=\"Happy Hour | Novembro\/2024\" \/><\/div><div class=\"portfolio-overlay overlay-name\"><span>Happy Hour | Novembro\/2024<\/span><i class=\"icon-minti-plus\"><\/i><\/div><\/a><\/div>\n\t\t\t\t\t\t\t\t<\/div>\n\n\t\t\t\t\t\t\t\t\t\t\t\t  \n\t\t\t\t\t\t\n\t\t\t\t\t\t\t\n\t\t\t\t\t\t\t\n\t\t\t\t\t\t\n\t\t\t\t\t\t\t\t\t\t\t\t\t\t\t\t\n\t\t\t\t\t\t\t\t   \n\n\t\t\t\t\t\t\t\t<div class=\"term-cafe portfolio-item one-third column\">\n\t\t\t\t\t\t\t\t\t<div class=\"portfolio-image\"><a href=\"https:\/\/ansefsc.org.br\/index.php\/portfolio-item\/cafe-de-novembro-novembro-2024\/\" title=\"Caf\u00e9 de Novembro | Novembro\/2024\"><div class=\"portfolio-image-img\"><img src=\"https:\/\/ansefsc.org.br\/wp-content\/uploads\/2024\/11\/Foto-Destaque-1000x768.png\" alt=\"Caf\u00e9 de Novembro | Novembro\/2024\" \/><\/div><div class=\"portfolio-overlay overlay-name\"><span>Caf\u00e9 de Novembro | Novembro\/2024<\/span><i class=\"icon-minti-plus\"><\/i><\/div><\/a><\/div>\n\t\t\t\t\t\t\t\t<\/div>\n\n\t\t\t\t\t\t\t\t\t\t\t\t  \n\t\t\t\t\t\t\n\t\t\t\t\t\t\t\n\t\t\t\t\t\t\t\n\t\t\t\t\t\t\n\t\t\t\t\t\t\t\t\t\t\t\t\t\t\t\t\n\t\t\t\t\t\t\t\t   \n\n\t\t\t\t\t\t\t\t<div class=\"term-evento-comemorativo portfolio-item one-third column\">\n\t\t\t\t\t\t\t\t\t<div class=\"portfolio-image\"><a href=\"https:\/\/ansefsc.org.br\/index.php\/portfolio-item\/dia-das-criancas-outubro-2024\/\" title=\"Festa do Dia das Crian\u00e7as | Outubro\/2024\"><div class=\"portfolio-image-img\"><img src=\"https:\/\/ansefsc.org.br\/wp-content\/uploads\/2024\/10\/Dia-das-Criancas-Ansef-1000x768.png\" alt=\"Festa do Dia das Crian\u00e7as | Outubro\/2024\" \/><\/div><div class=\"portfolio-overlay overlay-name\"><span>Festa do Dia das Crian\u00e7as | Outubro\/2024<\/span><i class=\"icon-minti-plus\"><\/i><\/div><\/a><\/div>\n\t\t\t\t\t\t\t\t<\/div>\n\n\t\t\t\t\t\t\t\t\t\t\t\t  \n\t\t\t\t\t\t\n\t\t\t\t\t\t\t\n\t\t\t\t\t\t\t\n\t\t\t\t\t\t\n\t\t\t\t\t\t\t\t\t\t\t\t\t\t\t\t\n\t\t\t\t\t\t\t\t   \n\n\t\t\t\t\t\t\t\t<div class=\"term-cafe portfolio-item one-third column\">\n\t\t\t\t\t\t\t\t\t<div class=\"portfolio-image\"><a href=\"https:\/\/ansefsc.org.br\/index.php\/portfolio-item\/cafe-de-outubro-outubro-2024\/\" title=\"Caf\u00e9 de Outubro | Outubro\/2024\"><div class=\"portfolio-image-img\"><img src=\"https:\/\/ansefsc.org.br\/wp-content\/uploads\/2024\/10\/Ansef-1000x768.png\" alt=\"Caf\u00e9 de Outubro | Outubro\/2024\" \/><\/div><div class=\"portfolio-overlay overlay-name\"><span>Caf\u00e9 de Outubro | Outubro\/2024<\/span><i class=\"icon-minti-plus\"><\/i><\/div><\/a><\/div>\n\t\t\t\t\t\t\t\t<\/div>\n\n\t\t\t\t\t\t\t\t\t\t\t\t  \n\t\t\t\t\t\t\n\t\t\t\t\t\t\t\n\t\t\t\t\t\t\t\n\t\t\t\t\t\t\n\t\t\t\t\t\t\t\t\t\t\t\t\t\t\t\t\n\t\t\t\t\t\t\t\t   \n\n\t\t\t\t\t\t\t\t<div class=\"term-cafe portfolio-item one-third column\">\n\t\t\t\t\t\t\t\t\t<div class=\"portfolio-image\"><a href=\"https:\/\/ansefsc.org.br\/index.php\/portfolio-item\/cafe-de-setembro-setembro-2024\/\" title=\"Caf\u00e9 de Setembro | Setembro\/2024\"><div class=\"portfolio-image-img\"><img src=\"https:\/\/ansefsc.org.br\/wp-content\/uploads\/2024\/09\/Capa-Ansef-1000x768.png\" alt=\"Caf\u00e9 de Setembro | Setembro\/2024\" \/><\/div><div class=\"portfolio-overlay overlay-name\"><span>Caf\u00e9 de Setembro | Setembro\/2024<\/span><i class=\"icon-minti-plus\"><\/i><\/div><\/a><\/div>\n\t\t\t\t\t\t\t\t<\/div>\n\n\t\t\t\t\t\t\t\t\t\t\t\t  \n\t\t\t\t\t\t\n\t\t\t\t\t\t\t\n\t\t\t\t\t\t\t\n\t\t\t\t\t\t\n\t\t\t\t\t\t\t\t\t\t\t\t\t\t\t\t\n\t\t\t\t\t\t\t\t   \n\n\t\t\t\t\t\t\t\t<div class=\"term-cafe portfolio-item one-third column\">\n\t\t\t\t\t\t\t\t\t<div class=\"portfolio-image\"><a href=\"https:\/\/ansefsc.org.br\/index.php\/portfolio-item\/cafe-de-agosto-agosto-2024\/\" title=\"Caf\u00e9 de Agosto | Agosto\/2024\"><div class=\"portfolio-image-img\"><img src=\"https:\/\/ansefsc.org.br\/wp-content\/uploads\/2024\/08\/Cafe-Ansef-1000x768.png\" alt=\"Caf\u00e9 de Agosto | Agosto\/2024\" \/><\/div><div class=\"portfolio-overlay overlay-name\"><span>Caf\u00e9 de Agosto | Agosto\/2024<\/span><i class=\"icon-minti-plus\"><\/i><\/div><\/a><\/div>\n\t\t\t\t\t\t\t\t<\/div>\n\n\t\t\t\t\t\t\t\t\t\t\t\t  \n\t\t\t\t\t\t\n\t\t\t\t\t\t\t\n\t\t\t\t\t\t\t\n\t\t\t\t\t\t\n\t\t\t\t\t\t\t\t\t\t\t\t\t\t\t\t\n\t\t\t\t\t\t\t\t   \n\n\t\t\t\t\t\t\t\t<div class=\"term-confraternizacao portfolio-item one-third column\">\n\t\t\t\t\t\t\t\t\t<div class=\"portfolio-image\"><a href=\"https:\/\/ansefsc.org.br\/index.php\/portfolio-item\/noite-italiana-julho-2024\/\" title=\"Noite Italiana | Julho\/2024\"><div class=\"portfolio-image-img\"><img src=\"https:\/\/ansefsc.org.br\/wp-content\/uploads\/2024\/07\/Noite-Italiana-1000x768.png\" alt=\"Noite Italiana | Julho\/2024\" \/><\/div><div class=\"portfolio-overlay overlay-name\"><span>Noite Italiana | Julho\/2024<\/span><i class=\"icon-minti-plus\"><\/i><\/div><\/a><\/div>\n\t\t\t\t\t\t\t\t<\/div>\n\n\t\t\t\t\t\t\t\t\t\t\t\t  \n\t\t\t\t\t\t\n\t\t\t\t\t\t\t\n\t\t\t\t\t\t\t\n\t\t\t\t\t\t\n\t\t\t\t\t\t\t\t\t\t\t\t\t\t\t\t\n\t\t\t\t\t\t\t\t   \n\n\t\t\t\t\t\t\t\t<div class=\"term-cafe portfolio-item one-third column\">\n\t\t\t\t\t\t\t\t\t<div class=\"portfolio-image\"><a href=\"https:\/\/ansefsc.org.br\/index.php\/portfolio-item\/cafe-de-julho-julho-2024\/\" title=\"Caf\u00e9 de Julho | Julho\/2024\"><div class=\"portfolio-image-img\"><img src=\"https:\/\/ansefsc.org.br\/wp-content\/uploads\/2024\/07\/Foto-Ansef-1000x768.png\" alt=\"Caf\u00e9 de Julho | Julho\/2024\" \/><\/div><div class=\"portfolio-overlay overlay-name\"><span>Caf\u00e9 de Julho | Julho\/2024<\/span><i class=\"icon-minti-plus\"><\/i><\/div><\/a><\/div>\n\t\t\t\t\t\t\t\t<\/div>\n\n\t\t\t\t\t\t\t\t\t\t\t\t  \n\t\t\t\t\t\t\n\t\t\t\t\t\t\t\n\t\t\t\t\t\t\t\n\t\t\t\t\t\t\n\t\t\t\t\t\t\t\t\t\t\t\t\t\t\t\t\n\t\t\t\t\t\t\t\t   \n\n\t\t\t\t\t\t\t\t<div class=\"term-cafe portfolio-item one-third column\">\n\t\t\t\t\t\t\t\t\t<div class=\"portfolio-image\"><a href=\"https:\/\/ansefsc.org.br\/index.php\/portfolio-item\/cafe-de-junho-junho-2024\/\" title=\"Caf\u00e9 de Junho | Junho\/2024\"><div class=\"portfolio-image-img\"><img src=\"https:\/\/ansefsc.org.br\/wp-content\/uploads\/2024\/06\/Ansef-1000x768.png\" alt=\"Caf\u00e9 de Junho | Junho\/2024\" \/><\/div><div class=\"portfolio-overlay overlay-name\"><span>Caf\u00e9 de Junho | Junho\/2024<\/span><i class=\"icon-minti-plus\"><\/i><\/div><\/a><\/div>\n\t\t\t\t\t\t\t\t<\/div>\n\n\t\t\t\t\t\t\t\t\t\t\t\t  \n\t\t\t\t\t\t\n\t\t\t\t\t\t\t\n\t\t\t\t\t\t\t\n\t\t\t\t\t\t\n\t\t\t\t\t\t\t\t\t\t\t\t\t\t\t\t\n\t\t\t\t\t\t\t\t   \n\n\t\t\t\t\t\t\t\t<div class=\"term-confraternizacao term-evento-comemorativo portfolio-item one-third column\">\n\t\t\t\t\t\t\t\t\t<div class=\"portfolio-image\"><a href=\"https:\/\/ansefsc.org.br\/index.php\/portfolio-item\/celebracao-do-dia-das-maes-maio-2024\/\" title=\"Celebra\u00e7\u00e3o do Dia das M\u00e3es | Maio\/2024\"><div class=\"portfolio-image-img\"><img src=\"https:\/\/ansefsc.org.br\/wp-content\/uploads\/2024\/05\/Cafe-Ansef-1000x768.png\" alt=\"Celebra\u00e7\u00e3o do Dia das M\u00e3es | Maio\/2024\" \/><\/div><div class=\"portfolio-overlay overlay-name\"><span>Celebra\u00e7\u00e3o do Dia das M\u00e3es | Maio\/2024<\/span><i class=\"icon-minti-plus\"><\/i><\/div><\/a><\/div>\n\t\t\t\t\t\t\t\t<\/div>\n\n\t\t\t\t\t\t\t\t\t\t\t\t  \n\t\t\t\t\t\t\n\t\t\t\t\t\t\t\n\t\t\t\t\t\t\t\n\t\t\t\t\t\t\n\t\t\t\t\t\t\t\t\t\t\t\t\t\t\t\t\n\t\t\t\t\t\t\t\t   \n\n\t\t\t\t\t\t\t\t<div class=\"term-cafe portfolio-item one-third column\">\n\t\t\t\t\t\t\t\t\t<div class=\"portfolio-image\"><a href=\"https:\/\/ansefsc.org.br\/index.php\/portfolio-item\/cafe-de-maio-maio-2024\/\" title=\"Caf\u00e9 de Maio | Maio\/2024\"><div class=\"portfolio-image-img\"><img src=\"https:\/\/ansefsc.org.br\/wp-content\/uploads\/2024\/05\/Ansef-1000x768.png\" alt=\"Caf\u00e9 de Maio | Maio\/2024\" \/><\/div><div class=\"portfolio-overlay overlay-name\"><span>Caf\u00e9 de Maio | Maio\/2024<\/span><i class=\"icon-minti-plus\"><\/i><\/div><\/a><\/div>\n\t\t\t\t\t\t\t\t<\/div>\n\n\t\t\t\t\t\t\t\t\t\t\t\t  \n\t\t\t\t\t\t\n\t\t\t\t\t\t\t\n\t\t\t\t\t\t\t\n\t\t\t\t\t\t\n\t\t\t\t\t\t\t\t\t\t\t\t\t\t\t\t\n\t\t\t\t\t\t\t\t   \n\n\t\t\t\t\t\t\t\t<div class=\"term-passeio portfolio-item one-third column\">\n\t\t\t\t\t\t\t\t\t<div class=\"portfolio-image\"><a href=\"https:\/\/ansefsc.org.br\/index.php\/portfolio-item\/passeio-restaurante-galpao-tropeiro-abril-2024\/\" title=\"Passeio Restaurante Galp\u00e3o Tropeiro | Abril\/2024\"><div class=\"portfolio-image-img\"><img src=\"https:\/\/ansefsc.org.br\/wp-content\/uploads\/2024\/04\/Ansef-1000x768.png\" alt=\"Passeio Restaurante Galp\u00e3o Tropeiro | Abril\/2024\" \/><\/div><div class=\"portfolio-overlay overlay-name\"><span>Passeio Restaurante Galp\u00e3o Tropeiro | Abril\/2024<\/span><i class=\"icon-minti-plus\"><\/i><\/div><\/a><\/div>\n\t\t\t\t\t\t\t\t<\/div>\n\n\t\t\t\t\t\t\t\t\t\t\t\t  \n\t\t\t\t\t\t\n\t\t\t\t\t\t\t\n\t\t\t\t\t\t\t\n\t\t\t\t\t\t\n\t\t\t\t\t\t\t\t\t\t\t\t\t\t\t\t\n\t\t\t\t\t\t\t\t   \n\n\t\t\t\t\t\t\t\t<div class=\"term-cafe portfolio-item one-third column\">\n\t\t\t\t\t\t\t\t\t<div class=\"portfolio-image\"><a href=\"https:\/\/ansefsc.org.br\/index.php\/portfolio-item\/cafe-de-abril-abril-2024\/\" title=\"Caf\u00e9 de Abril | Abril\/2024\"><div class=\"portfolio-image-img\"><img src=\"https:\/\/ansefsc.org.br\/wp-content\/uploads\/2024\/04\/Destaque-Ansef-1000x768.png\" alt=\"Caf\u00e9 de Abril | Abril\/2024\" \/><\/div><div class=\"portfolio-overlay overlay-name\"><span>Caf\u00e9 de Abril | Abril\/2024<\/span><i class=\"icon-minti-plus\"><\/i><\/div><\/a><\/div>\n\t\t\t\t\t\t\t\t<\/div>\n\n\t\t\t\t\t\t\t\t\t\t\t\t  \n\t\t\t\t\t\t\n\t\t\t\t\t\t\t\n\t\t\t\t\t\t\t\n\t\t\t\t\t\t\n\t\t\t\t\t\t\t\t\t\t\t\t\t\t\t\t\n\t\t\t\t\t\t\t\t   \n\n\t\t\t\t\t\t\t\t<div class=\"term-cafe portfolio-item one-third column\">\n\t\t\t\t\t\t\t\t\t<div class=\"portfolio-image\"><a href=\"https:\/\/ansefsc.org.br\/index.php\/portfolio-item\/cafe-de-marco-marco-2024\/\" title=\"Caf\u00e9 de Mar\u00e7o | Mar\u00e7o\/2024\"><div class=\"portfolio-image-img\"><img src=\"https:\/\/ansefsc.org.br\/wp-content\/uploads\/2024\/03\/Capa-Destaque-1000x768.png\" alt=\"Caf\u00e9 de Mar\u00e7o | Mar\u00e7o\/2024\" \/><\/div><div class=\"portfolio-overlay overlay-name\"><span>Caf\u00e9 de Mar\u00e7o | Mar\u00e7o\/2024<\/span><i class=\"icon-minti-plus\"><\/i><\/div><\/a><\/div>\n\t\t\t\t\t\t\t\t<\/div>\n\n\t\t\t\t\t\t\t\t\t\t\t\t  \n\t\t\t\t\t\t\n\t\t\t\t\t\t\t\n\t\t\t\t\t\t\t\n\t\t\t\t\t\t\n\t\t\t\t\t\t\t\t\t\t\t\t\t\t\t\t\n\t\t\t\t\t\t\t\t   \n\n\t\t\t\t\t\t\t\t<div class=\"term-confraternizacao portfolio-item one-third column\">\n\t\t\t\t\t\t\t\t\t<div class=\"portfolio-image\"><a href=\"https:\/\/ansefsc.org.br\/index.php\/portfolio-item\/happy-hours-dos-aposentados-fevereiro-2024\/\" title=\"Happy Hours dos Aposentados | Fevereiro\/2024\"><div class=\"portfolio-image-img\"><img src=\"https:\/\/ansefsc.org.br\/wp-content\/uploads\/2024\/03\/Foto-Destaque-1000x768.png\" alt=\"Happy Hours dos Aposentados | Fevereiro\/2024\" \/><\/div><div class=\"portfolio-overlay overlay-name\"><span>Happy Hours dos Aposentados | Fevereiro\/2024<\/span><i class=\"icon-minti-plus\"><\/i><\/div><\/a><\/div>\n\t\t\t\t\t\t\t\t<\/div>\n\n\t\t\t\t\t\t\t\t\t\t\t\t  \n\t\t\t\t\t\t\n\t\t\t\t\t\t\t\n\t\t\t\t\t\t\t\n\t\t\t\t\t\t\n\t\t\t\t\t\t\t\t\t\t\t\t\t\t\t\t\n\t\t\t\t\t\t\t\t   \n\n\t\t\t\t\t\t\t\t<div class=\"term-cafe portfolio-item one-third column\">\n\t\t\t\t\t\t\t\t\t<div class=\"portfolio-image\"><a href=\"https:\/\/ansefsc.org.br\/index.php\/portfolio-item\/cafe-de-janeiro-fevereiro-janeiro-2024\/\" title=\"Caf\u00e9 de Janeiro\/Fevereiro | Janeiro\/2024\"><div class=\"portfolio-image-img\"><img src=\"https:\/\/ansefsc.org.br\/wp-content\/uploads\/2024\/01\/Cafe-1000x768.png\" alt=\"Caf\u00e9 de Janeiro\/Fevereiro | Janeiro\/2024\" \/><\/div><div class=\"portfolio-overlay overlay-name\"><span>Caf\u00e9 de Janeiro\/Fevereiro | Janeiro\/2024<\/span><i class=\"icon-minti-plus\"><\/i><\/div><\/a><\/div>\n\t\t\t\t\t\t\t\t<\/div>\n\n\t\t\t\t\t\t\t\t\t\t\t\t  \n\t\t\t\t\t\t\n\t\t\t\t\t\t\t\n\t\t\t\t\t\t\t\n\t\t\t\t\t\t\n\t\t\t\t\t\t\t\t\t\t\t\t\t\t\t\t\n\t\t\t\t\t\t\t\t   \n\n\t\t\t\t\t\t\t\t<div class=\"term-cafe portfolio-item one-third column\">\n\t\t\t\t\t\t\t\t\t<div class=\"portfolio-image\"><a href=\"https:\/\/ansefsc.org.br\/index.php\/portfolio-item\/cafe-de-dezembro-dezembro-2023\/\" title=\"Caf\u00e9 de Dezembro | Dezembro\/2023\"><div class=\"portfolio-image-img\"><img src=\"https:\/\/ansefsc.org.br\/wp-content\/uploads\/2023\/12\/5-1000x768.png\" alt=\"Caf\u00e9 de Dezembro | Dezembro\/2023\" \/><\/div><div class=\"portfolio-overlay overlay-name\"><span>Caf\u00e9 de Dezembro | Dezembro\/2023<\/span><i class=\"icon-minti-plus\"><\/i><\/div><\/a><\/div>\n\t\t\t\t\t\t\t\t<\/div>\n\n\t\t\t\t\t\t\t\t\t\t\t\t  \n\t\t\t\t\t\t\n\t\t\t\t\t\t\t\n\t\t\t\t\t\t\t\n\t\t\t\t\t\t\n\t\t\t\t\t\t\t\t\t\t\t\t\t\t\t\t\n\t\t\t\t\t\t\t\t   \n\n\t\t\t\t\t\t\t\t<div class=\"term-confraternizacao portfolio-item one-third column\">\n\t\t\t\t\t\t\t\t\t<div class=\"portfolio-image\"><a href=\"https:\/\/ansefsc.org.br\/index.php\/portfolio-item\/confraternizacao-de-final-de-ano-dezembro-2023\/\" title=\"Confraterniza\u00e7\u00e3o de Final de Ano | Dezembro\/2023\"><div class=\"portfolio-image-img\"><img src=\"https:\/\/ansefsc.org.br\/wp-content\/uploads\/2023\/12\/4-1-1000x768.png\" alt=\"Confraterniza\u00e7\u00e3o de Final de Ano | Dezembro\/2023\" \/><\/div><div class=\"portfolio-overlay overlay-name\"><span>Confraterniza\u00e7\u00e3o de Final de Ano | Dezembro\/2023<\/span><i class=\"icon-minti-plus\"><\/i><\/div><\/a><\/div>\n\t\t\t\t\t\t\t\t<\/div>\n\n\t\t\t\t\t\t\t\t\t\t\t\t  \n\t\t\t\t\t\t\n\t\t\t\t\t\t\t\n\t\t\t\t\t\t\t\n\t\t\t\t\t\t\n\t\t\t\t\t\t\t\t\t\t\t\t\t\t\t\t\n\t\t\t\t\t\t\t\t   \n\n\t\t\t\t\t\t\t\t<div class=\"term-cafe portfolio-item one-third column\">\n\t\t\t\t\t\t\t\t\t<div class=\"portfolio-image\"><a href=\"https:\/\/ansefsc.org.br\/index.php\/portfolio-item\/cafe-de-novembro-novembro-2023\/\" title=\"Caf\u00e9 de Novembro | Novembro\/2023\"><div class=\"portfolio-image-img\"><img src=\"https:\/\/ansefsc.org.br\/wp-content\/uploads\/2023\/10\/Capa-1000x768.png\" alt=\"Caf\u00e9 de Novembro | Novembro\/2023\" \/><\/div><div class=\"portfolio-overlay overlay-name\"><span>Caf\u00e9 de Novembro | Novembro\/2023<\/span><i class=\"icon-minti-plus\"><\/i><\/div><\/a><\/div>\n\t\t\t\t\t\t\t\t<\/div>\n\n\t\t\t\t\t\t\t\t\t\t\t\t  \n\t\t\t\t\t\t\n\t\t\t\t\t\t\t\n\t\t\t\t\t\t\t\n\t\t\t\t\t\t\n\t\t\t\t\t\t\t\t\t\t\t\t\t\t\t\t\n\t\t\t\t\t\t\t\t   \n\n\t\t\t\t\t\t\t\t<div class=\"term-evento-comemorativo portfolio-item one-third column\">\n\t\t\t\t\t\t\t\t\t<div class=\"portfolio-image\"><a href=\"https:\/\/ansefsc.org.br\/index.php\/portfolio-item\/festa-do-dia-das-criancas-outubro-2023\/\" title=\"Festa do Dia das Crian\u00e7as | Outubro\/2023\"><div class=\"portfolio-image-img\"><img src=\"https:\/\/ansefsc.org.br\/wp-content\/uploads\/2023\/10\/Festa-Ansef-1000x768.png\" alt=\"Festa do Dia das Crian\u00e7as | Outubro\/2023\" \/><\/div><div class=\"portfolio-overlay overlay-name\"><span>Festa do Dia das Crian\u00e7as | Outubro\/2023<\/span><i class=\"icon-minti-plus\"><\/i><\/div><\/a><\/div>\n\t\t\t\t\t\t\t\t<\/div>\n\n\t\t\t\t\t\t\t\t\t\t\t\t  \n\t\t\t\t\t\t\n\t\t\t\t\t\t\t\n\t\t\t\t\t\t\t\n\t\t\t\t\t\t\n\t\t\t\t\t\t\t\t\t\t\t\t\t\t\t\t\n\t\t\t\t\t\t\t\t   \n\n\t\t\t\t\t\t\t\t<div class=\"term-cafe portfolio-item one-third column\">\n\t\t\t\t\t\t\t\t\t<div class=\"portfolio-image\"><a href=\"https:\/\/ansefsc.org.br\/index.php\/portfolio-item\/cafe-de-agosto-outubro-2023\/\" title=\"Caf\u00e9 de Outubro | Outubro\/2023\"><div class=\"portfolio-image-img\"><img src=\"https:\/\/ansefsc.org.br\/wp-content\/uploads\/2023\/10\/Ansef-1000x768.png\" alt=\"Caf\u00e9 de Outubro | Outubro\/2023\" \/><\/div><div class=\"portfolio-overlay overlay-name\"><span>Caf\u00e9 de Outubro | Outubro\/2023<\/span><i class=\"icon-minti-plus\"><\/i><\/div><\/a><\/div>\n\t\t\t\t\t\t\t\t<\/div>\n\n\t\t\t\t\t\t\t\t\t\t\t\t  \n\t\t\t\t\t\t\n\t\t\t\t\t\t\t\n\t\t\t\t\t\t\t\n\t\t\t\t\t\t\n\t\t\t\t\t\t\t\t\t\t\t\t\t\t\t\t\n\t\t\t\t\t\t\t\t   \n\n\t\t\t\t\t\t\t\t<div class=\"term-joiapof portfolio-item one-third column\">\n\t\t\t\t\t\t\t\t\t<div class=\"portfolio-image\"><a href=\"https:\/\/ansefsc.org.br\/index.php\/portfolio-item\/v-joiapof-setembro-2023\/\" title=\"V Joiapof | Setembro\/2023\"><div class=\"portfolio-image-img\"><img src=\"https:\/\/ansefsc.org.br\/wp-content\/uploads\/2023\/10\/12-1000x768.png\" alt=\"V Joiapof | Setembro\/2023\" \/><\/div><div class=\"portfolio-overlay overlay-name\"><span>V Joiapof | Setembro\/2023<\/span><i class=\"icon-minti-plus\"><\/i><\/div><\/a><\/div>\n\t\t\t\t\t\t\t\t<\/div>\n\n\t\t\t\t\t\t\t\t\t\t\t\t  \n\t\t\t\t\t\t\n\t\t\t\t\t\t\t\n\t\t\t\t\t\t\t\n\t\t\t\t\t\t\n\t\t\t\t\t\t\t\t\t\t\t\t\t\t\t\t\n\t\t\t\t\t\t\t\t   \n\n\t\t\t\t\t\t\t\t<div class=\"term-churrascada portfolio-item one-third column\">\n\t\t\t\t\t\t\t\t\t<div class=\"portfolio-image\"><a href=\"https:\/\/ansefsc.org.br\/index.php\/portfolio-item\/churrascada-farroupilha-setembro-2023\/\" title=\"Churrascada Farroupilha | Setembro\/2023\"><div class=\"portfolio-image-img\"><img src=\"https:\/\/ansefsc.org.br\/wp-content\/uploads\/2023\/09\/Churrascada-1000x768.png\" alt=\"Churrascada Farroupilha | Setembro\/2023\" \/><\/div><div class=\"portfolio-overlay overlay-name\"><span>Churrascada Farroupilha | Setembro\/2023<\/span><i class=\"icon-minti-plus\"><\/i><\/div><\/a><\/div>\n\t\t\t\t\t\t\t\t<\/div>\n\n\t\t\t\t\t\t\t\t\t\t\t\t  \n\t\t\t\t\t\t\n\t\t\t\t\t\t\t\n\t\t\t\t\t\t\t\n\t\t\t\t\t\t\n\t\t\t\t\t\t\t\t\t\t\t\t\t\t\t\t\n\t\t\t\t\t\t\t\t   \n\n\t\t\t\t\t\t\t\t<div class=\"term-cafe portfolio-item one-third column\">\n\t\t\t\t\t\t\t\t\t<div class=\"portfolio-image\"><a href=\"https:\/\/ansefsc.org.br\/index.php\/portfolio-item\/cafe-de-outubro-setembro-2023\/\" title=\"Caf\u00e9 de Setembro | Setembro\/2023\"><div class=\"portfolio-image-img\"><img src=\"https:\/\/ansefsc.org.br\/wp-content\/uploads\/2023\/09\/Capa-2-1000x768.png\" alt=\"Caf\u00e9 de Setembro | Setembro\/2023\" \/><\/div><div class=\"portfolio-overlay overlay-name\"><span>Caf\u00e9 de Setembro | Setembro\/2023<\/span><i class=\"icon-minti-plus\"><\/i><\/div><\/a><\/div>\n\t\t\t\t\t\t\t\t<\/div>\n\n\t\t\t\t\t\t\t\t\t\t\t\t  \n\t\t\t\t\t\t\n\t\t\t\t\t\t\t\n\t\t\t\t\t\t\t\n\t\t\t\t\t\t\n\t\t\t\t\t\t\t\t\t\t\t\t\t\t\t\t\n\t\t\t\t\t\t\t\t   \n\n\t\t\t\t\t\t\t\t<div class=\"term-cafe portfolio-item one-third column\">\n\t\t\t\t\t\t\t\t\t<div class=\"portfolio-image\"><a href=\"https:\/\/ansefsc.org.br\/index.php\/portfolio-item\/cafe-de-agosto-agosto-2023\/\" title=\"Caf\u00e9 de Agosto | Agosto\/2023\"><div class=\"portfolio-image-img\"><img src=\"https:\/\/ansefsc.org.br\/wp-content\/uploads\/2023\/08\/Ansef-1000x768.png\" alt=\"Caf\u00e9 de Agosto | Agosto\/2023\" \/><\/div><div class=\"portfolio-overlay overlay-name\"><span>Caf\u00e9 de Agosto | Agosto\/2023<\/span><i class=\"icon-minti-plus\"><\/i><\/div><\/a><\/div>\n\t\t\t\t\t\t\t\t<\/div>\n\n\t\t\t\t\t\t\t\t\t\t\t\t  \n\t\t\t\t\t\t\n\t\t\t\t\t\t\t\n\t\t\t\t\t\t\t\n\t\t\t\t\t\t\n\t\t\t\t\t\t\t\t\t\t\t\t\t\t\t\t\n\t\t\t\t\t\t\t\t   \n\n\t\t\t\t\t\t\t\t<div class=\"term-cafe portfolio-item one-third column\">\n\t\t\t\t\t\t\t\t\t<div class=\"portfolio-image\"><a href=\"https:\/\/ansefsc.org.br\/index.php\/portfolio-item\/cafe-de-julho-julho-2023\/\" title=\"Caf\u00e9 de Julho | Julho\/2023\"><div class=\"portfolio-image-img\"><img src=\"https:\/\/ansefsc.org.br\/wp-content\/uploads\/2023\/07\/Cafe-de-Julho-1000x768.png\" alt=\"Caf\u00e9 de Julho | Julho\/2023\" \/><\/div><div class=\"portfolio-overlay overlay-name\"><span>Caf\u00e9 de Julho | Julho\/2023<\/span><i class=\"icon-minti-plus\"><\/i><\/div><\/a><\/div>\n\t\t\t\t\t\t\t\t<\/div>\n\n\t\t\t\t\t\t\t\t\t\t\t\t  \n\t\t\t\t\t\t\n\t\t\t\t\t\t\t\n\t\t\t\t\t\t\t\n\t\t\t\t\t\t\n\t\t\t\t\t\t\t\t\t\t\t\t\t\t\t\t\n\t\t\t\t\t\t\t\t   \n\n\t\t\t\t\t\t\t\t<div class=\"term-evento-comemorativo portfolio-item one-third column\">\n\t\t\t\t\t\t\t\t\t<div class=\"portfolio-image\"><a href=\"https:\/\/ansefsc.org.br\/index.php\/portfolio-item\/festa-junina-junho-2023\/\" title=\"Festa Junina | Junho\/2023\"><div class=\"portfolio-image-img\"><img src=\"https:\/\/ansefsc.org.br\/wp-content\/uploads\/2023\/06\/Festa-Junina-1000x768.png\" alt=\"Festa Junina | Junho\/2023\" \/><\/div><div class=\"portfolio-overlay overlay-name\"><span>Festa Junina | Junho\/2023<\/span><i class=\"icon-minti-plus\"><\/i><\/div><\/a><\/div>\n\t\t\t\t\t\t\t\t<\/div>\n\n\t\t\t\t\t\t\t\t\t\t\t\t  \n\t\t\t\t\t\t\n\t\t\t\t\t\t\t\n\t\t\t\t\t\t\t\n\t\t\t\t\t\t\n\t\t\t\t\t\t\t\t\t\t\t\t\t\t\t\t\n\t\t\t\t\t\t\t\t   \n\n\t\t\t\t\t\t\t\t<div class=\"term-cafe portfolio-item one-third column\">\n\t\t\t\t\t\t\t\t\t<div class=\"portfolio-image\"><a href=\"https:\/\/ansefsc.org.br\/index.php\/portfolio-item\/cafe-de-junho-junho-2023\/\" title=\"Caf\u00e9 de Junho | Junho\/2023\"><div class=\"portfolio-image-img\"><img src=\"https:\/\/ansefsc.org.br\/wp-content\/uploads\/2023\/06\/Ansef-1000x768.png\" alt=\"Caf\u00e9 de Junho | Junho\/2023\" \/><\/div><div class=\"portfolio-overlay overlay-name\"><span>Caf\u00e9 de Junho | Junho\/2023<\/span><i class=\"icon-minti-plus\"><\/i><\/div><\/a><\/div>\n\t\t\t\t\t\t\t\t<\/div>\n\n\t\t\t\t\t\t\t\t\t\t\t\t  \n\t\t\t\t\t\t\n\t\t\t\t\t\t\t\n\t\t\t\t\t\t\t\n\t\t\t\t\t\t\n\t\t\t\t\t\t\t\t\t\t\t\t\t\t\t\t\n\t\t\t\t\t\t\t\t   \n\n\t\t\t\t\t\t\t\t<div class=\"term-cafe term-confraternizacao portfolio-item one-third column\">\n\t\t\t\t\t\t\t\t\t<div class=\"portfolio-image\"><a href=\"https:\/\/ansefsc.org.br\/index.php\/portfolio-item\/cafe-colonial-de-dia-das-maes-maio-2023\/\" title=\"Caf\u00e9 Colonial de Dia das M\u00e3es | Maio\/2023\"><div class=\"portfolio-image-img\"><img src=\"https:\/\/ansefsc.org.br\/wp-content\/uploads\/2023\/05\/Foto-Destaque-1000x768.png\" alt=\"Caf\u00e9 Colonial de Dia das M\u00e3es | Maio\/2023\" \/><\/div><div class=\"portfolio-overlay overlay-name\"><span>Caf\u00e9 Colonial de Dia das M\u00e3es | Maio\/2023<\/span><i class=\"icon-minti-plus\"><\/i><\/div><\/a><\/div>\n\t\t\t\t\t\t\t\t<\/div>\n\n\t\t\t\t\t\t\t\t\t\t\t\t  \n\t\t\t\t\t\t\n\t\t\t\t\t\t\t\n\t\t\t\t\t\t\t\n\t\t\t\t\t\t\n\t\t\t\t\t\t\t\t\t\t\t\t\t\t\t\t\n\t\t\t\t\t\t\t\t   \n\n\t\t\t\t\t\t\t\t<div class=\"term-cafe portfolio-item one-third column\">\n\t\t\t\t\t\t\t\t\t<div class=\"portfolio-image\"><a href=\"https:\/\/ansefsc.org.br\/index.php\/portfolio-item\/cafe-de-maio-maio-2023\/\" title=\"Caf\u00e9 de Maio | Maio\/2023\"><div class=\"portfolio-image-img\"><img src=\"https:\/\/ansefsc.org.br\/wp-content\/uploads\/2023\/05\/Destaque-1000x768.png\" alt=\"Caf\u00e9 de Maio | Maio\/2023\" \/><\/div><div class=\"portfolio-overlay overlay-name\"><span>Caf\u00e9 de Maio | Maio\/2023<\/span><i class=\"icon-minti-plus\"><\/i><\/div><\/a><\/div>\n\t\t\t\t\t\t\t\t<\/div>\n\n\t\t\t\t\t\t\t\t\t\t\t\t  \n\t\t\t\t\t\t\n\t\t\t\t\t\t\t\n\t\t\t\t\t\t\t\n\t\t\t\t\t\t\n\t\t\t\t\t\t\t\t\t\t\t\t\t\t\t\t\n\t\t\t\t\t\t\t\t   \n\n\t\t\t\t\t\t\t\t<div class=\"term-passeio portfolio-item one-third column\">\n\t\t\t\t\t\t\t\t\t<div class=\"portfolio-image\"><a href=\"https:\/\/ansefsc.org.br\/index.php\/portfolio-item\/passeio-para-morretes-abril-2023\/\" title=\"Passeio para Morretes | Abril\/2023\"><div class=\"portfolio-image-img\"><img src=\"https:\/\/ansefsc.org.br\/wp-content\/uploads\/2023\/05\/Destaque-2-1000x768.png\" alt=\"Passeio para Morretes | Abril\/2023\" \/><\/div><div class=\"portfolio-overlay overlay-name\"><span>Passeio para Morretes | Abril\/2023<\/span><i class=\"icon-minti-plus\"><\/i><\/div><\/a><\/div>\n\t\t\t\t\t\t\t\t<\/div>\n\n\t\t\t\t\t\t\t\t\t\t\t\t  \n\t\t\t\t\t\t\n\t\t\t\t\t\t\t\n\t\t\t\t\t\t\t\n\t\t\t\t\t\t\n\t\t\t\t\t\t\t\t\t\t\t\t\t\t\t\t\n\t\t\t\t\t\t\t\t   \n\n\t\t\t\t\t\t\t\t<div class=\"term-cafe portfolio-item one-third column\">\n\t\t\t\t\t\t\t\t\t<div class=\"portfolio-image\"><a href=\"https:\/\/ansefsc.org.br\/index.php\/portfolio-item\/cafe-de-abril-abril-2023\/\" title=\"Caf\u00e9 de Abril | Abril\/2023\"><div class=\"portfolio-image-img\"><img src=\"https:\/\/ansefsc.org.br\/wp-content\/uploads\/2023\/04\/Destaque-Ansef-SC-1000x768.png\" alt=\"Caf\u00e9 de Abril | Abril\/2023\" \/><\/div><div class=\"portfolio-overlay overlay-name\"><span>Caf\u00e9 de Abril | Abril\/2023<\/span><i class=\"icon-minti-plus\"><\/i><\/div><\/a><\/div>\n\t\t\t\t\t\t\t\t<\/div>\n\n\t\t\t\t\t\t\t\t\t\t\t\t  \n\t\t\t\t\t\t\n\t\t\t\t\t\t\t\n\t\t\t\t\t\t\t\n\t\t\t\t\t\t\n\t\t\t\t\t\t\t\t\t\t\t\t\t\t\t\t\n\t\t\t\t\t\t\t\t   \n\n\t\t\t\t\t\t\t\t<div class=\"term-confraternizacao portfolio-item one-third column\">\n\t\t\t\t\t\t\t\t\t<div class=\"portfolio-image\"><a href=\"https:\/\/ansefsc.org.br\/index.php\/portfolio-item\/xviii-encontro-dos-jubilados-marco-2023\/\" title=\"XVIII Encontro dos Jubilados | Mar\u00e7o\/2023\"><div class=\"portfolio-image-img\"><img src=\"https:\/\/ansefsc.org.br\/wp-content\/uploads\/2023\/03\/Foto-Destaque-1000x768.png\" alt=\"XVIII Encontro dos Jubilados | Mar\u00e7o\/2023\" \/><\/div><div class=\"portfolio-overlay overlay-name\"><span>XVIII Encontro dos Jubilados | Mar\u00e7o\/2023<\/span><i class=\"icon-minti-plus\"><\/i><\/div><\/a><\/div>\n\t\t\t\t\t\t\t\t<\/div>\n\n\t\t\t\t\t\t\t\t\t\t\t\t  \n\t\t\t\t\t\t\n\t\t\t\t\t\t\t\n\t\t\t\t\t\t\t\n\t\t\t\t\t\t\n\t\t\t\t\t\t\t\t\t\t\t\t\t\t\t\t\n\t\t\t\t\t\t\t\t   \n\n\t\t\t\t\t\t\t\t<div class=\"term-evento-comemorativo portfolio-item one-third column\">\n\t\t\t\t\t\t\t\t\t<div class=\"portfolio-image\"><a href=\"https:\/\/ansefsc.org.br\/index.php\/portfolio-item\/dia-das-mulheres-marco-2023\/\" title=\"Dia das Mulheres | Mar\u00e7o\/2023\"><div class=\"portfolio-image-img\"><img src=\"https:\/\/ansefsc.org.br\/wp-content\/uploads\/2023\/03\/Destaque-Galeria-Dia-da-Mulher-1000x768.png\" alt=\"Dia das Mulheres | Mar\u00e7o\/2023\" \/><\/div><div class=\"portfolio-overlay overlay-name\"><span>Dia das Mulheres | Mar\u00e7o\/2023<\/span><i class=\"icon-minti-plus\"><\/i><\/div><\/a><\/div>\n\t\t\t\t\t\t\t\t<\/div>\n\n\t\t\t\t\t\t\t\t\t\t\t\t  \n\t\t\t\t\t\t\n\t\t\t\t\t\t\t\n\t\t\t\t\t\t\t\n\t\t\t\t\t\t\n\t\t\t\t\t\t\t\t\t\t\t\t\t\t\t\t\n\t\t\t\t\t\t\t\t   \n\n\t\t\t\t\t\t\t\t<div class=\"term-cafe portfolio-item one-third column\">\n\t\t\t\t\t\t\t\t\t<div class=\"portfolio-image\"><a href=\"https:\/\/ansefsc.org.br\/index.php\/portfolio-item\/cafe-de-marco-marco-2023\/\" title=\"Caf\u00e9 de Mar\u00e7o | Mar\u00e7o\/2023\"><div class=\"portfolio-image-img\"><img src=\"https:\/\/ansefsc.org.br\/wp-content\/uploads\/2023\/03\/Destaque-Cafe-Marco-1000x768.png\" alt=\"Caf\u00e9 de Mar\u00e7o | Mar\u00e7o\/2023\" \/><\/div><div class=\"portfolio-overlay overlay-name\"><span>Caf\u00e9 de Mar\u00e7o | Mar\u00e7o\/2023<\/span><i class=\"icon-minti-plus\"><\/i><\/div><\/a><\/div>\n\t\t\t\t\t\t\t\t<\/div>\n\n\t\t\t\t\t\t\t\t\t\t\t\t  \n\t\t\t\t\t\t\n\t\t\t\t\t\t\t\n\t\t\t\t\t\t\t\n\t\t\t\t\t\t\n\t\t\t\t\t\t\t\t\t\t\t\t\t\t\t\t\n\t\t\t\t\t\t\t\t   \n\n\t\t\t\t\t\t\t\t<div class=\"term-cafe portfolio-item one-third column\">\n\t\t\t\t\t\t\t\t\t<div class=\"portfolio-image\"><a href=\"https:\/\/ansefsc.org.br\/index.php\/portfolio-item\/cafe-de-janeiro-fevereiro-2023\/\" title=\"Caf\u00e9 de Fevereiro | Fevereiro\/2023\"><div class=\"portfolio-image-img\"><img src=\"https:\/\/ansefsc.org.br\/wp-content\/uploads\/2023\/02\/Cafe-de-Fevereiro-1000x768.png\" alt=\"Caf\u00e9 de Fevereiro | Fevereiro\/2023\" \/><\/div><div class=\"portfolio-overlay overlay-name\"><span>Caf\u00e9 de Fevereiro | Fevereiro\/2023<\/span><i class=\"icon-minti-plus\"><\/i><\/div><\/a><\/div>\n\t\t\t\t\t\t\t\t<\/div>\n\n\t\t\t\t\t\t\t\t\t\t\t\t  \n\t\t\t\t\t\t\n\t\t\t\t\t\t\t\n\t\t\t\t\t\t\t\n\t\t\t\t\t\t\n\t\t\t\t\t\t\t\t\t\t\t\t\t\t\t\t\n\t\t\t\t\t\t\t\t   \n\n\t\t\t\t\t\t\t\t<div class=\"term-cafe portfolio-item one-third column\">\n\t\t\t\t\t\t\t\t\t<div class=\"portfolio-image\"><a href=\"https:\/\/ansefsc.org.br\/index.php\/portfolio-item\/cafe-de-janeiro\/\" title=\"Caf\u00e9 de Janeiro | Janeiro\/2023\"><div class=\"portfolio-image-img\"><img src=\"https:\/\/ansefsc.org.br\/wp-content\/uploads\/2023\/01\/Cafe-de-Janeiro-Fotos-1000x768.png\" alt=\"Caf\u00e9 de Janeiro | Janeiro\/2023\" \/><\/div><div class=\"portfolio-overlay overlay-name\"><span>Caf\u00e9 de Janeiro | Janeiro\/2023<\/span><i class=\"icon-minti-plus\"><\/i><\/div><\/a><\/div>\n\t\t\t\t\t\t\t\t<\/div>\n\n\t\t\t\t\t\t\t\t\t\t\t\t  \n\t\t\t\t\t\t\n\t\t\t\t\t\t\t\n\t\t\t\t\t\t\t\n\t\t\t\t\t\t\n\t\t\t\t\t\t\t\t\t\t\t\t\t\t\t\t\n\t\t\t\t\t\t\t\t   \n\n\t\t\t\t\t\t\t\t<div class=\"term-confraternizacao portfolio-item one-third column\">\n\t\t\t\t\t\t\t\t\t<div class=\"portfolio-image\"><a href=\"https:\/\/ansefsc.org.br\/index.php\/portfolio-item\/jantar-de-confraternizacao\/\" title=\"Jantar de Confraterniza\u00e7\u00e3o | Dezembro\/2022\"><div class=\"portfolio-image-img\"><img src=\"https:\/\/ansefsc.org.br\/wp-content\/uploads\/2023\/01\/Confraternizacao-2022-1000x768.png\" alt=\"Jantar de Confraterniza\u00e7\u00e3o | Dezembro\/2022\" \/><\/div><div class=\"portfolio-overlay overlay-name\"><span>Jantar de Confraterniza\u00e7\u00e3o | Dezembro\/2022<\/span><i class=\"icon-minti-plus\"><\/i><\/div><\/a><\/div>\n\t\t\t\t\t\t\t\t<\/div>\n\n\t\t\t\t\t\t\t\t\t\t\t\t  \n\t\t\t\t\t\t\n\t\t\t\t\t\t\t\n\t\t\t\t\t\t\t\n\t\t\t\t\t\t\n\t\t\t\t\t\t\t\t\t\t\t\t\t\t\t\t\n\t\t\t\t\t\t\t\t   \n\n\t\t\t\t\t\t\t\t<div class=\"term-joids portfolio-item one-third column\">\n\t\t\t\t\t\t\t\t\t<div class=\"portfolio-image\"><a href=\"https:\/\/ansefsc.org.br\/index.php\/portfolio-item\/xv-joids\/\" title=\"XV Joids | Novembro\/2022\"><div class=\"portfolio-image-img\"><img src=\"https:\/\/ansefsc.org.br\/wp-content\/uploads\/2023\/01\/Joids-SC-1000x768.png\" alt=\"XV Joids | Novembro\/2022\" \/><\/div><div class=\"portfolio-overlay overlay-name\"><span>XV Joids | Novembro\/2022<\/span><i class=\"icon-minti-plus\"><\/i><\/div><\/a><\/div>\n\t\t\t\t\t\t\t\t<\/div>\n\n\t\t\t\t\t\t\t\t\t\t\t\t  \n\t\t\t\t\t\t\n\t\t\t\t\t\t\t\n\t\t\t\t\t\t\t\n\t\t\t\t\t\t\n\t\t\t\t\t\t\t\t\t\t\t\t\t\t\t\t\n\t\t\t\t\t\t\t\t   \n\n\t\t\t\t\t\t\t\t<div class=\"term-evento-comemorativo portfolio-item one-third column\">\n\t\t\t\t\t\t\t\t\t<div class=\"portfolio-image\"><a href=\"https:\/\/ansefsc.org.br\/index.php\/portfolio-item\/dia-das-criancas-outubro-2022\/\" title=\"Dia das Crian\u00e7as | Outubro\/2022\"><div class=\"portfolio-image-img\"><img src=\"https:\/\/ansefsc.org.br\/wp-content\/uploads\/2023\/01\/Dia-das-Criancas-1000x768.png\" alt=\"Dia das Crian\u00e7as | Outubro\/2022\" \/><\/div><div class=\"portfolio-overlay overlay-name\"><span>Dia das Crian\u00e7as | Outubro\/2022<\/span><i class=\"icon-minti-plus\"><\/i><\/div><\/a><\/div>\n\t\t\t\t\t\t\t\t<\/div>\n\n\t\t\t\t\t\t\t\t\t\t\t\t  \n\t\t\t\t\t\t\n\t\t\t\t\t\t\t\n\t\t\t\t\t\t\t\n\t\t\t\t\t\t\n\t\t\t\t\t\t\t\t\t\t\t\t\t\t\t\t\n\t\t\t\t\t\t\t\t   \n\n\t\t\t\t\t\t\t\t<div class=\"term-cafe portfolio-item one-third column\">\n\t\t\t\t\t\t\t\t\t<div class=\"portfolio-image\"><a href=\"https:\/\/ansefsc.org.br\/index.php\/portfolio-item\/cafe-de-outubro-outubro-2022\/\" title=\"Caf\u00e9 de Outubro | Outubro\/2022\"><div class=\"portfolio-image-img\"><img src=\"https:\/\/ansefsc.org.br\/wp-content\/uploads\/2023\/02\/Cafe-de-Outubro-1000x768.png\" alt=\"Caf\u00e9 de Outubro | Outubro\/2022\" \/><\/div><div class=\"portfolio-overlay overlay-name\"><span>Caf\u00e9 de Outubro | Outubro\/2022<\/span><i class=\"icon-minti-plus\"><\/i><\/div><\/a><\/div>\n\t\t\t\t\t\t\t\t<\/div>\n\n\t\t\t\t\t\t\t\t\t\t\t\t  \n\t\t\t\t\t\t\n\t\t\t\t\t\t\t\n\t\t\t\t\t\t\t\n\t\t\t\t\t\t\n\t\t\t\t\t\t\t\t\t\t\t\t\t\t\t\t\n\t\t\t\t\t\t\t\t   \n\n\t\t\t\t\t\t\t\t<div class=\"term-churrascada term-confraternizacao portfolio-item one-third column\">\n\t\t\t\t\t\t\t\t\t<div class=\"portfolio-image\"><a href=\"https:\/\/ansefsc.org.br\/index.php\/portfolio-item\/churrascada-farroupilha\/\" title=\"Churrascada Farroupilha | Setembro\/2022\"><div class=\"portfolio-image-img\"><img src=\"https:\/\/ansefsc.org.br\/wp-content\/uploads\/2023\/01\/Churrascada-1000x768.png\" alt=\"Churrascada Farroupilha | Setembro\/2022\" \/><\/div><div class=\"portfolio-overlay overlay-name\"><span>Churrascada Farroupilha | Setembro\/2022<\/span><i class=\"icon-minti-plus\"><\/i><\/div><\/a><\/div>\n\t\t\t\t\t\t\t\t<\/div>\n\n\t\t\t\t\t\t\t\t\t\t\t\t  \n\t\t\t\t\t\t\n\t\t\t\t\t\t\t\n\t\t\t\t\t\t\t\n\t\t\t\t\t\t\n\t\t\t\t\t\t\t\t\t\t\t\t\t\t\t\t\n\t\t\t\t\t\t\t\t   \n\n\t\t\t\t\t\t\t\t<div class=\"term-cafe portfolio-item one-third column\">\n\t\t\t\t\t\t\t\t\t<div class=\"portfolio-image\"><a href=\"https:\/\/ansefsc.org.br\/index.php\/portfolio-item\/cafe-de-setembro-setembro-2022\/\" title=\"Caf\u00e9 de Setembro | Setembro\/2022\"><div class=\"portfolio-image-img\"><img src=\"https:\/\/ansefsc.org.br\/wp-content\/uploads\/2022\/09\/Cafe-de-Setembro-1000x768.png\" alt=\"Caf\u00e9 de Setembro | Setembro\/2022\" \/><\/div><div class=\"portfolio-overlay overlay-name\"><span>Caf\u00e9 de Setembro | Setembro\/2022<\/span><i class=\"icon-minti-plus\"><\/i><\/div><\/a><\/div>\n\t\t\t\t\t\t\t\t<\/div>\n\n\t\t\t\t\t\t\t\t\t\t\t\t  \n\t\t\t\t\t\t\n\t\t\t\t\t\t\t\n\t\t\t\t\t\t\t\n\t\t\t\t\t\t\n\t\t\t\t\t\t\t\t\t\t\t\t\t\t\t\t\n\t\t\t\t\t\t\t\t   \n\n\t\t\t\t\t\t\t\t<div class=\"term-confraternizacao portfolio-item one-third column\">\n\t\t\t\t\t\t\t\t\t<div class=\"portfolio-image\"><a href=\"https:\/\/ansefsc.org.br\/index.php\/portfolio-item\/confraternizacao-ansef-sc-e-sinpofesc-julho-2022\/\" title=\"Confraterniza\u00e7\u00e3o Ansef\/SC e Sinpofesc | Julho\/2022\"><div class=\"portfolio-image-img\"><img src=\"https:\/\/ansefsc.org.br\/wp-content\/uploads\/2022\/07\/Confraternizacao-Julho-1000x768.png\" alt=\"Confraterniza\u00e7\u00e3o Ansef\/SC e Sinpofesc | Julho\/2022\" \/><\/div><div class=\"portfolio-overlay overlay-name\"><span>Confraterniza\u00e7\u00e3o Ansef\/SC e Sinpofesc | Julho\/2022<\/span><i class=\"icon-minti-plus\"><\/i><\/div><\/a><\/div>\n\t\t\t\t\t\t\t\t<\/div>\n\n\t\t\t\t\t\t\t\t\t\t\t\t  \n\t\t\t\t\t\t\n\t\t\t\t\t\t\t\n\t\t\t\t\t\t\t\n\t\t\t\t\t\t\n\t\t\t\t\t\t\t\t\t\t\t\t\t\t\t\t\n\t\t\t\t\t\t\t\t   \n\n\t\t\t\t\t\t\t\t<div class=\"term-evento-comemorativo portfolio-item one-third column\">\n\t\t\t\t\t\t\t\t\t<div class=\"portfolio-image\"><a href=\"https:\/\/ansefsc.org.br\/index.php\/portfolio-item\/dia-das-criancas-outubro-2017\/\" title=\"Dia das Crian\u00e7as | Outubro\/2017\"><div class=\"portfolio-image-img\"><img src=\"https:\/\/ansefsc.org.br\/wp-content\/uploads\/2023\/02\/Dia-das-Criancas-1000x768.png\" alt=\"Dia das Crian\u00e7as | Outubro\/2017\" \/><\/div><div class=\"portfolio-overlay overlay-name\"><span>Dia das Crian\u00e7as | Outubro\/2017<\/span><i class=\"icon-minti-plus\"><\/i><\/div><\/a><\/div>\n\t\t\t\t\t\t\t\t<\/div>\n\n\t\t\t\t\t\t\t\t\t\t\t\t  \n\t\t\t\t\t\t\n\t\t\t\t\t\t\t\n\t\t\t\t\t\t\t\n\t\t\t\t\t\t\n\t\t\t\t\t\t\t\t\t\t\t\t\t\t\t\t\n\t\t\t\t\t\t\t\t   \n\n\t\t\t\t\t\t\t\t<div class=\"term-evento-comemorativo portfolio-item one-third column\">\n\t\t\t\t\t\t\t\t\t<div class=\"portfolio-image\"><a href=\"https:\/\/ansefsc.org.br\/index.php\/portfolio-item\/festa-junina-julho-2017\/\" title=\"Festa Junina | Julho\/2017\"><div class=\"portfolio-image-img\"><img src=\"https:\/\/ansefsc.org.br\/wp-content\/uploads\/2023\/02\/Festa-Junina-1000x768.png\" alt=\"Festa Junina | Julho\/2017\" \/><\/div><div class=\"portfolio-overlay overlay-name\"><span>Festa Junina | Julho\/2017<\/span><i class=\"icon-minti-plus\"><\/i><\/div><\/a><\/div>\n\t\t\t\t\t\t\t\t<\/div>\n\n\t\t\t\t\t\t\t\t\t\t\t\t  \n\t\t\t\t\t\t\t\t\t\t\t<\/div>\n\n\t\t\t\t\t<\/div>\n\t\t\n\t\t<\/div>\n\t\t\t\n\t\t\t\t\t<div class=\"pagination-grid\"><p class=\"hidden\"><\/p><\/div>\n\t\t\t\t\n\t\t[vc_column_text]<a href=\"https:\/\/ansefsc.org.br\/index.php\/2021\/01\/05\/cafe-mensal-ansef-sc\/\">Caf\u00e9 Mensal<\/a><br \/>\n<a href=\"https:\/\/ansefsc.org.br\/index.php\/2021\/01\/05\/festa-de-confraternizacao-fim-de-ano\/?preview=true\">Festa de Confraterniza\u00e7\u00e3o &#8211; Fim de Ano<\/a><br \/>\n<a href=\"https:\/\/ansefsc.org.br\/index.php\/2021\/01\/05\/homenagem-as-maes-4\/\">Homenagem \u00e0s M\u00e3es<\/a><br \/>\n<a href=\"https:\/\/ansefsc.org.br\/index.php\/2021\/01\/05\/jubilados\/?preview=true\">Jubilados<\/a><br \/>\n<a href=\"https:\/\/ansefsc.org.br\/index.php\/2021\/01\/05\/passeios\/\">Passeios<\/a><br \/>\n<a href=\"https:\/\/ansefsc.org.br\/index.php\/2021\/01\/05\/trilhas\/\">Trilhas<\/a><br \/>\n<a href=\"https:\/\/ansefsc.org.br\/index.php\/2021\/01\/05\/outros-eventos\/\">Outros eventos<\/a>[\/vc_column_text][\/vc_column][\/vc_row]<\/p>\n","protected":false},"excerpt":{"rendered":"<p>[vc_row][vc_column][vc_column_text]Caf\u00e9 Mensal Festa de Confraterniza\u00e7\u00e3o &#8211; Fim de Ano Homenagem \u00e0s M\u00e3es Jubilados Passeios Trilhas Outros eventos[\/vc_column_text][\/vc_column][\/vc_row]<\/p>\n","protected":false},"author":8,"featured_media":2849,"parent":0,"menu_order":0,"comment_status":"closed","ping_status":"closed","template":"","meta":[],"_links":{"self":[{"href":"https:\/\/ansefsc.org.br\/index.php\/wp-json\/wp\/v2\/pages\/382"}],"collection":[{"href":"https:\/\/ansefsc.org.br\/index.php\/wp-json\/wp\/v2\/pages"}],"about":[{"href":"https:\/\/ansefsc.org.br\/index.php\/wp-json\/wp\/v2\/types\/page"}],"author":[{"embeddable":true,"href":"https:\/\/ansefsc.org.br\/index.php\/wp-json\/wp\/v2\/users\/8"}],"replies":[{"embeddable":true,"href":"https:\/\/ansefsc.org.br\/index.php\/wp-json\/wp\/v2\/comments?post=382"}],"version-history":[{"count":85,"href":"https:\/\/ansefsc.org.br\/index.php\/wp-json\/wp\/v2\/pages\/382\/revisions"}],"predecessor-version":[{"id":4881,"href":"https:\/\/ansefsc.org.br\/index.php\/wp-json\/wp\/v2\/pages\/382\/revisions\/4881"}],"wp:featuredmedia":[{"embeddable":true,"href":"https:\/\/ansefsc.org.br\/index.php\/wp-json\/wp\/v2\/media\/2849"}],"wp:attachment":[{"href":"https:\/\/ansefsc.org.br\/index.php\/wp-json\/wp\/v2\/media?parent=382"}],"curies":[{"name":"wp","href":"https:\/\/api.w.org\/{rel}","templated":true}]}}